{"id":551,"date":"2016-03-02T21:47:59","date_gmt":"2016-03-02T21:47:59","guid":{"rendered":"https:\/\/roma-bella.com\/es\/tours\/vatican-city\/"},"modified":"2024-07-17T11:20:06","modified_gmt":"2024-07-17T10:20:06","slug":"ciudad-del-vaticano","status":"publish","type":"page","link":"https:\/\/roma-bella.com\/es\/tours\/ciudad-del-vaticano\/","title":{"rendered":"Ciudad del Vaticano"},"content":{"rendered":"<p><div class=\"et_d4_element et_pb_section et_pb_section_0  et_pb_css_mix_blend_mode et_section_regular et_block_section\" >\n\t\t\t\t\n\t\t\t\t\n\t\t\t\t\n\t\t\t\t\n\t\t\t\t\n\t\t\t\t\n\t\t\t\t<div class=\"et_d4_element et_pb_row et_pb_row_0  et_pb_css_mix_blend_mode et_block_row\">\n\t\t\t\t<div class=\"et_d4_element et_pb_column_4_4 et_pb_column et_pb_column_0  et_pb_css_mix_blend_mode et-last-child et_block_column\">\n\t\t\t\t\n\t\t\t\t\n\t\t\t\t\n\t\t\t\t\n\t\t\t\t<div class=\"et_pb_module et_d4_element et_pb_text et_pb_text_0  et_pb_text_align_left et_pb_bg_layout_light\">\n\t\t\t\t\n\t\t\t\t\n\t\t\t\t\n\t\t\t\t\n\t\t\t\t<div class=\"et_pb_text_inner\"><h1>CIUDAD DEL VATICANO<\/h1><\/div>\n\t\t\t<\/div>\n\t\t\t<\/div>\n\t\t\t\t\n\t\t\t\t\n\t\t\t\t\n\t\t\t\t\n\t\t\t<\/div><div class=\"et_d4_element et_pb_row et_pb_row_1  et_pb_css_mix_blend_mode et_block_row\">\n\t\t\t\t<div class=\"et_d4_element et_pb_column_1_2 et_pb_column et_pb_column_1  et_pb_css_mix_blend_mode et_block_column\">\n\t\t\t\t\n\t\t\t\t\n\t\t\t\t\n\t\t\t\t\n\t\t\t\t<div class=\"et_pb_module et_d4_element et_pb_divider_0 et_pb_space et_pb_divider_hidden\"><div class=\"et_pb_divider_internal\"><\/div><\/div><div class=\"et_pb_module et_d4_element et_pb_image et_pb_image_0 et_animated et-waypoint\">\n\t\t\t\t\n\t\t\t\t\n\t\t\t\t\n\t\t\t\t\n\t\t\t\t<span class=\"et_pb_image_wrap \"><img loading=\"lazy\" decoding=\"async\" width=\"800\" height=\"800\" src=\"https:\/\/roma-bella.com\/wp-content\/uploads\/2016\/03\/8714142_orig.jpg\" alt=\"\" title=\"\" srcset=\"https:\/\/roma-bella.com\/wp-content\/uploads\/2016\/03\/8714142_orig.jpg 800w, https:\/\/roma-bella.com\/wp-content\/uploads\/2016\/03\/8714142_orig-150x150.jpg 150w, https:\/\/roma-bella.com\/wp-content\/uploads\/2016\/03\/8714142_orig-300x300.jpg 300w, https:\/\/roma-bella.com\/wp-content\/uploads\/2016\/03\/8714142_orig-768x768.jpg 768w\" sizes=\"(max-width: 800px) 100vw, 800px\" class=\"wp-image-372\" \/><\/span>\n\t\t\t<\/div>\n\t\t\t<\/div><div class=\"et_d4_element et_pb_column_1_2 et_pb_column et_pb_column_2  et_pb_css_mix_blend_mode et-last-child et_block_column\">\n\t\t\t\t\n\t\t\t\t\n\t\t\t\t\n\t\t\t\t\n\t\t\t\t<div class=\"et_pb_module et_d4_element et_pb_text et_pb_text_1  et_pb_text_align_left et_pb_bg_layout_light\">\n\t\t\t\t\n\t\t\t\t\n\t\t\t\t\n\t\t\t\t\n\t\t\t\t<div class=\"et_pb_text_inner\"><div class=\"col_1_3\">\n<h1>TOUR DEL VATICANO<\/h1>\n<div>\n<div class=\"col_1_3\">\n<p style=\"text-align: justify;\">La\u00a0<strong>Ciudad Estado del Vaticano<\/strong>\u00a0es el pa\u00eds \u00a0m\u00e1s peque\u00f1o del mundo, con un territorio de s\u00f3lo 44 hect\u00e1reas y donde viven no m\u00e1s de 836 habitantes, incluido el Santo Padre. Buena parte del terriorio est\u00e1 ocupada por el Museo Vaticano, que contiene una de las colecciones de arte m\u00e1s ricas \u00a0arte m\u00e1s ricas del planeta, adem\u00e1s de la <strong>Capilla Sixtina<\/strong>.<\/p>\n<p style=\"text-align: justify;\">En aquellos siglos en que los Pont\u00edfices eran los reyes de Roma (siglo XIV-XIX) comienzan a crear los primeros museos del mundo. Estos habr\u00edan de acoger el patrimonio antiguo heredado y que hab\u00eca sido abandonado en los a\u00f1os oscuros del medioevo. Algunos creen que la llegada a Roma de artistas como\u00a0<strong>Botticelli<\/strong>,\u00a0<strong>Perugino<\/strong>,\u00a0<strong>Ghirlandaio<\/strong>,\u00a0<strong>Rafael<\/strong>, <strong>Bramante<\/strong>\u00a0y\u00a0<strong>Miguel Angel,<\/strong>\u00a0 habr\u00eda sido el motivo de esta b\u00fasqueda de las huellas del pasado. .\u00a0\u2028Para estos artistas, Roma era un tesoro por descubrir, estudiar, analizar y comprender, el mundo de la antig\u00fcedad cl\u00e1sica y helen\u00edstica, una lecci\u00f3n de vida. Los Papas los siguieron y juntos realizaron uno de los primeros museos del mundo: el\u00a0<strong>Museo Vaticano<\/strong>.<\/p>\n<p style=\"text-align: justify;\">Durante mi tour del\u00a0Vaticano, los acompa\u00f1ar\u00e9 en la fascinante aventura de descubrir obras creadas miles de a\u00f1os atr\u00e1s y los ayudar\u00e9 a comprender el significado y los mitos que subyacen en cada busto, escultura o sarc\u00f3fago. Es m\u00e1s, caminar conmigo por estas galer\u00edas significa entrar en la historia de las religiones, desde el paganismo al hebra\u00edsmo, para llegar al cristianismo.<\/p>\n<\/div>\n<\/div>\n<\/div><\/div>\n\t\t\t<\/div>\n\t\t\t<\/div>\n\t\t\t\t\n\t\t\t\t\n\t\t\t\t\n\t\t\t\t\n\t\t\t<\/div><div class=\"et_d4_element et_pb_row et_pb_row_2  et_pb_css_mix_blend_mode et_block_row\">\n\t\t\t\t<div class=\"et_d4_element et_pb_column_4_4 et_pb_column et_pb_column_3  et_pb_css_mix_blend_mode et-last-child et_block_column\">\n\t\t\t\t\n\t\t\t\t\n\t\t\t\t\n\t\t\t\t\n\t\t\t\t<div class=\"et_pb_module et_d4_element et_pb_divider et_pb_divider_1 et_pb_space\"><div class=\"et_pb_divider_internal\"><\/div><\/div>\n\t\t\t<\/div>\n\t\t\t\t\n\t\t\t\t\n\t\t\t\t\n\t\t\t\t\n\t\t\t<\/div><div class=\"et_d4_element et_pb_row et_pb_row_3  et_pb_css_mix_blend_mode et_block_row\">\n\t\t\t\t<div class=\"et_d4_element et_pb_column_1_2 et_pb_column et_pb_column_4  et_pb_css_mix_blend_mode et_block_column\">\n\t\t\t\t\n\t\t\t\t\n\t\t\t\t\n\t\t\t\t\n\t\t\t\t<div class=\"et_pb_module et_d4_element et_pb_divider_2 et_pb_space et_pb_divider_hidden\"><div class=\"et_pb_divider_internal\"><\/div><\/div><div class=\"et_pb_module et_d4_element et_pb_image et_pb_image_1 et_animated et-waypoint\">\n\t\t\t\t\n\t\t\t\t\n\t\t\t\t\n\t\t\t\t\n\t\t\t\t<span class=\"et_pb_image_wrap \"><img loading=\"lazy\" decoding=\"async\" width=\"800\" height=\"600\" src=\"https:\/\/roma-bella.com\/wp-content\/uploads\/2016\/02\/vatican-1.jpg\" alt=\"\" title=\"\" srcset=\"https:\/\/roma-bella.com\/wp-content\/uploads\/2016\/02\/vatican-1.jpg 800w, https:\/\/roma-bella.com\/wp-content\/uploads\/2016\/02\/vatican-1-300x225.jpg 300w, https:\/\/roma-bella.com\/wp-content\/uploads\/2016\/02\/vatican-1-768x576.jpg 768w\" sizes=\"(max-width: 800px) 100vw, 800px\" class=\"wp-image-346\" \/><\/span>\n\t\t\t<\/div>\n\t\t\t<\/div><div class=\"et_d4_element et_pb_column_1_2 et_pb_column et_pb_column_5  et_pb_css_mix_blend_mode et-last-child et_block_column\">\n\t\t\t\t\n\t\t\t\t\n\t\t\t\t\n\t\t\t\t\n\t\t\t\t<div class=\"et_pb_module et_d4_element et_pb_text et_pb_text_2  et_pb_text_align_left et_pb_bg_layout_light\">\n\t\t\t\t\n\t\t\t\t\n\t\t\t\t\n\t\t\t\t\n\t\t\t\t<div class=\"et_pb_text_inner\"><div class=\"col_1_3\">\n<div class=\"col_1_3\">\n<div class=\"col_1_3\">\n<h1>CAPILLA SIXTINA<\/h1>\n<p style=\"text-align: justify;\">La\u00a0<strong>Capilla Sixtina<\/strong>, conocida en el mundo como la obra maestra del Renacimiento, representa la s\u00edntesis de las religiones. La capilla contiene 3.000 figuras pintadas al fresco, que describen la vida de la humanidad; desde la Creaci\u00f3n al Juicio Final. La figura humana glorificada en la historia b\u00edblica de la humanidad y narrada por los maestros del Renacimiento como Botticelli, Perugino, Ghirlandaio y por el gran genio: Miguel Angel.<\/p>\n<p style=\"text-align: justify;\">Desde la Capilla Sixtina continuaremos la visita, ingresando a la iglesia m\u00e1s grande del mundo: la\u00a0<strong>Bas\u00edlica de San Pedro<\/strong>.<br \/>\nEs imposible describir la magnificencia de esta joya de la arquitectura dise\u00f1ada por los maestros del Renacimiento y el Barroco:\u00a0<strong>Bramante<\/strong>,\u00a0<strong>Rafael<\/strong>,\u00a0<strong>Peruzzi<\/strong>,<strong>Sangallo<\/strong>,\u00a0<strong>Miguel Angel<\/strong>,\u00a0<strong>Bernini<\/strong>\u00a0y <strong>Borromini<\/strong>.<br \/>\n168 a\u00f1os de construcci\u00f3n, 26 pont\u00edfices y miles de alba\u00f1iles, escultores y marmolistas contribuyeron en su construcci\u00f3n.<br \/>\nAdem\u00e1s tendr\u00e1n el privilegio de admirar la\u00a0<strong>Piedad de Miguel Angel\u00a0<\/strong>y el\u00a0<strong>baldaqu\u00edn de Bernini<\/strong>, a trav\u00e9s de la exposici\u00f3n de una Arquitecto.<\/p>\n<\/div>\n<\/div>\n<\/div><\/div>\n\t\t\t<\/div>\n\t\t\t<\/div>\n\t\t\t\t\n\t\t\t\t\n\t\t\t\t\n\t\t\t\t\n\t\t\t<\/div><div class=\"et_d4_element et_pb_row et_pb_row_4  et_pb_css_mix_blend_mode et_block_row\">\n\t\t\t\t<div class=\"et_d4_element et_pb_column_1_2 et_pb_column et_pb_column_6  et_pb_css_mix_blend_mode et_block_column\">\n\t\t\t\t\n\t\t\t\t\n\t\t\t\t\n\t\t\t\t\n\t\t\t\t<div class=\"et_pb_module et_d4_element et_pb_pricing_tables_0 et_pb_pricing clearfix et_pb_pricing_1 et_pb_no_featured_in_first_row\">\n\t\t\t\t\n\t\t\t\t\n\t\t\t\t\n\t\t\t\t\n\t\t\t\t<div class=\"et_pb_pricing_table_wrap\">\n\t\t\t\t\t<div class=\"et_d4_element et_pb_pricing_table et_pb_pricing_table_0 et_block_module\">\n\t\t\t\t\n\t\t\t\t\n\t\t\t\t\n\t\t\t\t\n\t\t\t\t<div class=\"et_pb_pricing_heading\">\n\t\t\t\t\t<h2 class=\"et_pb_pricing_title\">Ciudad del Vaticano<\/h2>\n\t\t\t\t\t<span class=\"et_pb_best_value\">Tour Privado 4 horas<\/span>\n\t\t\t\t<\/div>\n\t\t\t\t<div class=\"et_pb_pricing_content_top\">\n\t\t\t\t\t<span class=\"et_pb_et_price\"><span class=\"et_pb_dollar_sign\">\u20ac<\/span><span class=\"et_pb_sum\">97<\/span><span class=\"et_pb_frequency\"><span class=\"et_pb_frequency_slash\">\/<\/span>Adulto<\/span><\/span>\n\t\t\t\t<\/div>\n\t\t\t\t<div class=\"et_pb_pricing_content\">\n\t\t\t\t\t<ul class=\"et_pb_pricing\"><li><span>Estudiantes 71\u20ac<\/span><\/li><li><span>Adultos familias de 4.<\/span><\/li><li><span>Gu\u00eda Arquitecto.<\/span><\/li><li><span>Tickets y cuotas de reservas con acceso preferencial para evitar colas.<\/span><\/li><li><span>Oferta especial para grupos de 6 o m\u00e1s personas.<\/span><\/li><\/ul>\n\t\t\t\t<\/div>\n\t\t\t\t<div class=\"et_pb_button_wrapper\"><a class=\"et_pb_button et_pb_pricing_table_button\" href=\"https:\/\/roma-bella.com\/contact\/\">Reserva!<\/a><\/div>\n\t\t\t<\/div>\n\t\t\t\t<\/div>\n\t\t\t<\/div>\n\t\t\t<\/div><div class=\"et_d4_element et_pb_column_1_2 et_pb_column et_pb_column_7  et_pb_css_mix_blend_mode et-last-child et_block_column\">\n\t\t\t\t\n\t\t\t\t\n\t\t\t\t\n\t\t\t\t\n\t\t\t\t<div class=\"et_pb_module et_d4_element et_pb_pricing_tables_1 et_pb_pricing clearfix et_pb_pricing_1 et_pb_no_featured_in_first_row\">\n\t\t\t\t\n\t\t\t\t\n\t\t\t\t\n\t\t\t\t\n\t\t\t\t<div class=\"et_pb_pricing_table_wrap\">\n\t\t\t\t\t<div class=\"et_d4_element et_pb_pricing_table et_pb_pricing_table_1 et_block_module\">\n\t\t\t\t\n\t\t\t\t\n\t\t\t\t\n\t\t\t\t\n\t\t\t\t<div class=\"et_pb_pricing_heading\">\n\t\t\t\t\t<h2 class=\"et_pb_pricing_title\">Ciudad del Vaticano<\/h2>\n\t\t\t\t\t<span class=\"et_pb_best_value\">Tour Privado 4 horas<\/span>\n\t\t\t\t<\/div>\n\t\t\t\t<div class=\"et_pb_pricing_content_top\">\n\t\t\t\t\t<span class=\"et_pb_et_price\"><span class=\"et_pb_dollar_sign\">\u20ac<\/span><span class=\"et_pb_sum\">148<\/span><span class=\"et_pb_frequency\"><span class=\"et_pb_frequency_slash\">\/<\/span>Adulto<\/span><\/span>\n\t\t\t\t<\/div>\n\t\t\t\t<div class=\"et_pb_pricing_content\">\n\t\t\t\t\t<ul class=\"et_pb_pricing\"><li><span>M\u00e1x 2 perosnas<\/span><\/li><li><span>Gu\u00eda Arquitecto.<\/span><\/li><li><span>Tickets y cuotas de reservas con acceso preferencial para evitar colas.<\/span><\/li><li><span>Oferta especial para grupos de 6 o m\u00e1s. Grupos peque\u00f1os tienen un coste mayor por persona<\/span><\/li><\/ul>\n\t\t\t\t<\/div>\n\t\t\t\t<div class=\"et_pb_button_wrapper\"><a class=\"et_pb_button et_pb_pricing_table_button\" href=\"https:\/\/roma-bella.com\/contact\/\">Reserva!<\/a><\/div>\n\t\t\t<\/div>\n\t\t\t\t<\/div>\n\t\t\t<\/div>\n\t\t\t<\/div>\n\t\t\t\t\n\t\t\t\t\n\t\t\t\t\n\t\t\t\t\n\t\t\t<\/div>\n\t\t\t\t\n\t\t\t\t\n\t\t\t<\/div><div class=\"et_d4_element et_pb_section et_pb_section_1 et_pb_with_background  et_pb_css_mix_blend_mode et_section_regular et_block_section\" >\n\t\t\t\t\n\t\t\t\t\n\t\t\t\t\n\t\t\t\t\n\t\t\t\t\n\t\t\t\t\n\t\t\t\t<div class=\"et_d4_element et_pb_row et_pb_row_5  et_pb_css_mix_blend_mode et_block_row\">\n\t\t\t\t<div class=\"et_d4_element et_pb_column_4_4 et_pb_column et_pb_column_8  et_pb_css_mix_blend_mode et-last-child et_block_column\">\n\t\t\t\t\n\t\t\t\t\n\t\t\t\t\n\t\t\t\t\n\t\t\t\t<div class=\"et_pb_module et_d4_element et_pb_cta_0 et_pb_promo  et_pb_text_align_center et_pb_bg_layout_dark et_pb_no_bg\">\n\t\t\t\t\n\t\t\t\t\n\t\t\t\t\n\t\t\t\t\n\t\t\t\t<div class=\"et_pb_promo_description\"><h2 class=\"et_pb_module_header\">SELECCIONA ESTE TOUR<\/h2><div><p style=\"text-align: center;\">With my artistic and architectural knowledge mingled with my historic and religious background I will help you to understand the vast collections on display at the Vatican.<\/p><\/div><\/div>\n\t\t\t\t<div class=\"et_pb_button_wrapper\"><a class=\"et_pb_button et_pb_promo_button\" href=\"https:\/\/roma-bella.com\/contact\/\">Elegir<\/a><\/div>\n\t\t\t<\/div>\n\t\t\t<\/div>\n\t\t\t\t\n\t\t\t\t\n\t\t\t\t\n\t\t\t\t\n\t\t\t<\/div>\n\t\t\t\t\n\t\t\t\t\n\t\t\t<\/div><\/p>\n","protected":false},"excerpt":{"rendered":"","protected":false},"author":1,"featured_media":0,"parent":531,"menu_order":0,"comment_status":"closed","ping_status":"closed","template":"","meta":{"om_disable_all_campaigns":false,"_monsterinsights_skip_tracking":false,"_monsterinsights_sitenote_active":false,"_monsterinsights_sitenote_note":"","_monsterinsights_sitenote_category":0,"_et_pb_use_builder":"on","_et_pb_old_content":"","_et_gb_content_width":"","footnotes":""},"class_list":["post-551","page","type-page","status-publish","hentry"],"aioseo_notices":[],"_links":{"self":[{"href":"https:\/\/roma-bella.com\/es\/wp-json\/wp\/v2\/pages\/551","targetHints":{"allow":["GET"]}}],"collection":[{"href":"https:\/\/roma-bella.com\/es\/wp-json\/wp\/v2\/pages"}],"about":[{"href":"https:\/\/roma-bella.com\/es\/wp-json\/wp\/v2\/types\/page"}],"author":[{"embeddable":true,"href":"https:\/\/roma-bella.com\/es\/wp-json\/wp\/v2\/users\/1"}],"replies":[{"embeddable":true,"href":"https:\/\/roma-bella.com\/es\/wp-json\/wp\/v2\/comments?post=551"}],"version-history":[{"count":13,"href":"https:\/\/roma-bella.com\/es\/wp-json\/wp\/v2\/pages\/551\/revisions"}],"predecessor-version":[{"id":1923,"href":"https:\/\/roma-bella.com\/es\/wp-json\/wp\/v2\/pages\/551\/revisions\/1923"}],"up":[{"embeddable":true,"href":"https:\/\/roma-bella.com\/es\/wp-json\/wp\/v2\/pages\/531"}],"wp:attachment":[{"href":"https:\/\/roma-bella.com\/es\/wp-json\/wp\/v2\/media?parent=551"}],"curies":[{"name":"wp","href":"https:\/\/api.w.org\/{rel}","templated":true}]}}