{"id":527,"date":"2016-06-05T18:15:31","date_gmt":"2016-06-05T17:15:31","guid":{"rendered":"https:\/\/roma-bella.com\/es\/?page_id=527"},"modified":"2024-07-17T11:17:42","modified_gmt":"2024-07-17T10:17:42","slug":"excursion-dia","status":"publish","type":"page","link":"https:\/\/roma-bella.com\/es\/tours\/excursion-dia\/","title":{"rendered":"Excursi\u00f3n un d\u00eda"},"content":{"rendered":"<p><div class=\"et_d4_element et_pb_section et_pb_section_0 et_pb_with_background  et_pb_css_mix_blend_mode et_pb_inner_shadow et_section_regular et_block_section\" >\n\t\t\t\t\n\t\t\t\t\n\t\t\t\t\n\t\t\t\t\n\t\t\t\t\n\t\t\t\t\n\t\t\t\t<div class=\"et_d4_element et_pb_row et_pb_row_0  et_pb_css_mix_blend_mode et_block_row\">\n\t\t\t\t<div class=\"et_d4_element et_pb_column_4_4 et_pb_column et_pb_column_0  et_pb_css_mix_blend_mode et-last-child et_block_column\">\n\t\t\t\t\n\t\t\t\t\n\t\t\t\t\n\t\t\t\t\n\t\t\t\t<div class=\"et_pb_module et_d4_element et_pb_text et_pb_text_0  et_pb_text_align_left et_pb_bg_layout_light\">\n\t\t\t\t\n\t\t\t\t\n\t\t\t\t\n\t\t\t\t\n\t\t\t\t<div class=\"et_pb_text_inner\"><h1>EXCURSI\u00d3N JORNADA COMPLETA<\/h1><\/div>\n\t\t\t<\/div>\n\t\t\t<\/div>\n\t\t\t\t\n\t\t\t\t\n\t\t\t\t\n\t\t\t\t\n\t\t\t<\/div><div class=\"et_d4_element et_pb_row et_pb_row_1  et_pb_css_mix_blend_mode et_block_row\">\n\t\t\t\t<div class=\"et_d4_element et_pb_column_1_2 et_pb_column et_pb_column_1  et_pb_css_mix_blend_mode et_block_column\">\n\t\t\t\t\n\t\t\t\t\n\t\t\t\t\n\t\t\t\t\n\t\t\t\t<div class=\"et_pb_module et_d4_element et_pb_divider_0 et_pb_space et_pb_divider_hidden\"><div class=\"et_pb_divider_internal\"><\/div><\/div><div class=\"et_pb_module et_d4_element et_pb_image et_pb_image_0 et_animated et-waypoint\">\n\t\t\t\t\n\t\t\t\t\n\t\t\t\t\n\t\t\t\t\n\t\t\t\t<span class=\"et_pb_image_wrap has-box-shadow-overlay\"><div class=\"box-shadow-overlay\"><\/div><img loading=\"lazy\" decoding=\"async\" width=\"800\" height=\"600\" src=\"https:\/\/roma-bella.com\/wp-content\/uploads\/2016\/03\/FORO-ROMANO.jpg\" alt=\"\" title=\"\" srcset=\"https:\/\/roma-bella.com\/wp-content\/uploads\/2016\/03\/FORO-ROMANO.jpg 800w, https:\/\/roma-bella.com\/wp-content\/uploads\/2016\/03\/FORO-ROMANO-300x225.jpg 300w, https:\/\/roma-bella.com\/wp-content\/uploads\/2016\/03\/FORO-ROMANO-768x576.jpg 768w\" sizes=\"(max-width: 800px) 100vw, 800px\" class=\"wp-image-422\" \/><\/span>\n\t\t\t<\/div>\n\t\t\t<\/div><div class=\"et_d4_element et_pb_column_1_2 et_pb_column et_pb_column_2  et_pb_css_mix_blend_mode et-last-child et_block_column\">\n\t\t\t\t\n\t\t\t\t\n\t\t\t\t\n\t\t\t\t\n\t\t\t\t<div class=\"et_pb_module et_d4_element et_pb_text et_pb_text_1  et_pb_text_align_left et_pb_bg_layout_light\">\n\t\t\t\t\n\t\t\t\t\n\t\t\t\t\n\t\t\t\t\n\t\t\t\t<div class=\"et_pb_text_inner\"><div class=\"col_1_3\">\n<h1>ROMA ANTIGUA<\/h1>\n<p style=\"text-align: justify;\">\u00bf Ser\u00e1 cierto que\u00a0<strong>Roma<\/strong>\u00a0fue incendiada por Ner\u00f3n o que Julio Cesar era un mujeriego y no el guerrero que todos creemos? Las personalidades de aquellos que gobernaron el Imperio Romano continu\u0301an a fascinar a las nuevas generaciones y lo han hecho desde tiempos inmemorables. Es probable que este magnetismo los est\u00e9 conduciendo a Roma y descubrir los escenarios donde los hechos reales se produjeron, sera\u0301 mi misio\u0301n. Ilustrarles los templos, foros, estadios, termas, palacios, teatros, anfiteatros, circos donde estos hombres que dominaban desde Britania al Sahara , desde el Atl\u00e1ntico al Eufrates , transcurr\u00edan sus .jornadas.<\/p>\n<p style=\"text-align: justify;\">500 a\u00f1os de dominio del Mediter\u00e1neo generaron una civilizaci\u00f3n de la cual todos somos herederos y a trav\u00e9s de mis visitas, muchas respuestas acerca de nuestras costumbres comenzar\u00e1n a ser desveladas. Como por ejemplo . \u00bfqu\u00e9 suced\u00eda en el <strong>Coliseo<\/strong>? \u00bfpeleaban los gladiadores hasta morir?<br \/>\n\u00bfqu\u00e9 suced\u00eda en el \u00a0<strong>Foro Romano<\/strong> ? \u00bfcu\u00e1l fue el primer Emperador de Roma y el primer Cesar?<\/p>\n<p style=\"text-align: justify;\">S\u00f3lo siguiendo este rico e ilustrativo tour usted encontrar\u00e1 estas y otras respuestas. Mi visita comenzar\u00e1 por la primera de las 7 colinas: la colina del\u00a0<strong>Capitolio<\/strong>.<\/p>\n<\/div><\/div>\n\t\t\t<\/div>\n\t\t\t<\/div>\n\t\t\t\t\n\t\t\t\t\n\t\t\t\t\n\t\t\t\t\n\t\t\t<\/div><div class=\"et_d4_element et_pb_row et_pb_row_2  et_pb_css_mix_blend_mode et_block_row\">\n\t\t\t\t<div class=\"et_d4_element et_pb_column_4_4 et_pb_column et_pb_column_3  et_pb_css_mix_blend_mode et-last-child et_block_column\">\n\t\t\t\t\n\t\t\t\t\n\t\t\t\t\n\t\t\t\t\n\t\t\t\t<div class=\"et_pb_module et_d4_element et_pb_divider et_pb_divider_1 et_pb_space\"><div class=\"et_pb_divider_internal\"><\/div><\/div>\n\t\t\t<\/div>\n\t\t\t\t\n\t\t\t\t\n\t\t\t\t\n\t\t\t\t\n\t\t\t<\/div><div class=\"et_d4_element et_pb_row et_pb_row_3  et_pb_css_mix_blend_mode et_block_row\">\n\t\t\t\t<div class=\"et_d4_element et_pb_column_1_2 et_pb_column et_pb_column_4  et_pb_css_mix_blend_mode et_block_column\">\n\t\t\t\t\n\t\t\t\t\n\t\t\t\t\n\t\t\t\t\n\t\t\t\t<div class=\"et_pb_module et_d4_element et_pb_divider_2 et_pb_space et_pb_divider_hidden\"><div class=\"et_pb_divider_internal\"><\/div><\/div><div class=\"et_pb_module et_d4_element et_pb_image et_pb_image_1 et_animated et-waypoint\">\n\t\t\t\t\n\t\t\t\t\n\t\t\t\t\n\t\t\t\t\n\t\t\t\t<span class=\"et_pb_image_wrap has-box-shadow-overlay\"><div class=\"box-shadow-overlay\"><\/div><img loading=\"lazy\" decoding=\"async\" width=\"1024\" height=\"685\" src=\"https:\/\/roma-bella.com\/wp-content\/uploads\/2016\/03\/PLAZA-NAVONA-2.jpg\" alt=\"\" title=\"\" srcset=\"https:\/\/roma-bella.com\/wp-content\/uploads\/2016\/03\/PLAZA-NAVONA-2.jpg 1024w, https:\/\/roma-bella.com\/wp-content\/uploads\/2016\/03\/PLAZA-NAVONA-2-300x201.jpg 300w, https:\/\/roma-bella.com\/wp-content\/uploads\/2016\/03\/PLAZA-NAVONA-2-768x514.jpg 768w\" sizes=\"(max-width: 1024px) 100vw, 1024px\" class=\"wp-image-460\" \/><\/span>\n\t\t\t<\/div>\n\t\t\t<\/div><div class=\"et_d4_element et_pb_column_1_2 et_pb_column et_pb_column_5  et_pb_css_mix_blend_mode et-last-child et_block_column\">\n\t\t\t\t\n\t\t\t\t\n\t\t\t\t\n\t\t\t\t\n\t\t\t\t<div class=\"et_pb_module et_d4_element et_pb_text et_pb_text_2  et_pb_text_align_left et_pb_bg_layout_light\">\n\t\t\t\t\n\t\t\t\t\n\t\t\t\t\n\t\t\t\t\n\t\t\t\t<div class=\"et_pb_text_inner\"><div class=\"col_1_3\">\n<div class=\"col_1_3\">\n<h1 style=\"text-align: justify;\">ROMA BARROCA<\/h1>\n<p style=\"text-align: justify;\">Desde el siglo XV,\u00a0<strong>Roma<\/strong>\u00a0pas\u00f3 a ser el centro del Estado Pontificio y los Papas sus l\u00edderes . En el siglo XVI la Iglesia Cat\u00f3lica era inmensamente rica y sabemos que \u00e9sta fue la motivaci\u00f3n de las cr\u00edticas y de la reforma Protestante. La respuesta de la Santa Sede fue la de usar la riqueza para transformar Roma en una ciudad de fe, invitando arquitectos y artistas para crear un nuevo dise\u00f1o de ciudad europea.<\/p>\n<p style=\"text-align: justify;\">Las iglesias fueron el eje de este nuevo dise\u00f1o y los obeliscos sus faros. Roma fue enriquecida con fuentes , plazas, cascadas y arquitectos como <strong>Borromini<\/strong>\u00a0y\u00a0<strong>Bernini<\/strong>\u00a0los creadores de este rico, polifac\u00e9tico y teatral estilo: el<strong> Barroco<\/strong>.<\/p>\n<p style=\"text-align: justify;\">Durante nuestra excursi\u00f3n postmeridiana usted podr\u00e1 sumergirse en los variados escenarios del\u00a0<strong>Barroco<\/strong>, la teatral escalinata de la\u00a0<strong>Plaza de Espa\u00f1a<\/strong>, la alegre \u00a0<strong>Fuente de Trevi, <\/strong>la\u00a0<strong>Plaza Navona<\/strong>, el gran palimpsesto urbano de Roma, decorado por fuentes escenogr\u00e1ficas como la\u00a0<strong>Fuente de los 4 r\u00edos<\/strong>\u00a0de Gian Lorenzo\u00a0<strong>Bernini<\/strong>.<\/p>\n<\/div>\n<\/div><\/div>\n\t\t\t<\/div>\n\t\t\t<\/div>\n\t\t\t\t\n\t\t\t\t\n\t\t\t\t\n\t\t\t\t\n\t\t\t<\/div><div class=\"et_d4_element et_pb_row et_pb_row_4  et_pb_css_mix_blend_mode et_block_row\">\n\t\t\t\t<div class=\"et_d4_element et_pb_column_1_2 et_pb_column et_pb_column_6  et_pb_css_mix_blend_mode et_block_column\">\n\t\t\t\t\n\t\t\t\t\n\t\t\t\t\n\t\t\t\t\n\t\t\t\t<div class=\"et_pb_module et_d4_element et_pb_pricing_tables_0 et_pb_pricing clearfix et_pb_pricing_1 et_pb_no_featured_in_first_row\">\n\t\t\t\t\n\t\t\t\t\n\t\t\t\t\n\t\t\t\t\n\t\t\t\t<div class=\"et_pb_pricing_table_wrap\">\n\t\t\t\t\t<div class=\"et_d4_element et_pb_pricing_table et_pb_pricing_table_0 et_block_module\">\n\t\t\t\t\n\t\t\t\t\n\t\t\t\t\n\t\t\t\t\n\t\t\t\t<div class=\"et_pb_pricing_heading\">\n\t\t\t\t\t<h2 class=\"et_pb_pricing_title\">Roma d\u00eda completo en Van<\/h2>\n\t\t\t\t\t<span class=\"et_pb_best_value\">7 Horas m\u00e1s una pausa<\/span>\n\t\t\t\t<\/div>\n\t\t\t\t<div class=\"et_pb_pricing_content_top\">\n\t\t\t\t\t<span class=\"et_pb_et_price\"><span class=\"et_pb_dollar_sign\">\u20ac<\/span><span class=\"et_pb_sum\">163<\/span><span class=\"et_pb_frequency\"><span class=\"et_pb_frequency_slash\">\/<\/span>Adultos<\/span><\/span>\n\t\t\t\t<\/div>\n\t\t\t\t<div class=\"et_pb_pricing_content\">\n\t\t\t\t\t<ul class=\"et_pb_pricing\"><li><span>Menores 110\u20ac<\/span><\/li><li><span>Gu\u00eda Arquitecto por 7 horas<\/span><\/li><li><span>Transporte Limo Van Max 4 Personas<\/span><\/li><li><span>Tickets y cuotas de reservas con acceso preferente para evitar colas<\/span><\/li><li><span>Ofertas especiales para grupos de 6 o m\u00e1s, grupos peque\u00f1os tienen un coste mayor por persona<\/span><\/li><\/ul>\n\t\t\t\t<\/div>\n\t\t\t\t<div class=\"et_pb_button_wrapper\"><a class=\"et_pb_button et_pb_pricing_table_button\" href=\"https:\/\/roma-bella.com\/es\/contacto\/\">Reserva!<\/a><\/div>\n\t\t\t<\/div>\n\t\t\t\t<\/div>\n\t\t\t<\/div>\n\t\t\t<\/div><div class=\"et_d4_element et_pb_column_1_2 et_pb_column et_pb_column_7  et_pb_css_mix_blend_mode et-last-child et_block_column\">\n\t\t\t\t\n\t\t\t\t\n\t\t\t\t\n\t\t\t\t\n\t\t\t\t<div class=\"et_pb_module et_d4_element et_pb_pricing_tables_1 et_pb_pricing clearfix et_pb_pricing_1 et_pb_no_featured_in_first_row\">\n\t\t\t\t\n\t\t\t\t\n\t\t\t\t\n\t\t\t\t\n\t\t\t\t<div class=\"et_pb_pricing_table_wrap\">\n\t\t\t\t\t<div class=\"et_d4_element et_pb_pricing_table et_pb_pricing_table_1 et_block_module\">\n\t\t\t\t\n\t\t\t\t\n\t\t\t\t\n\t\t\t\t\n\t\t\t\t<div class=\"et_pb_pricing_heading\">\n\t\t\t\t\t<h2 class=\"et_pb_pricing_title\">Roma d\u00eda completo Caminando<\/h2>\n\t\t\t\t\t<span class=\"et_pb_best_value\">7 Horas m\u00e1s una pausa<\/span>\n\t\t\t\t<\/div>\n\t\t\t\t<div class=\"et_pb_pricing_content_top\">\n\t\t\t\t\t<span class=\"et_pb_et_price\"><span class=\"et_pb_dollar_sign\">\u20ac<\/span><span class=\"et_pb_sum\">133<\/span><span class=\"et_pb_frequency\"><span class=\"et_pb_frequency_slash\">\/<\/span>Adultos<\/span><\/span>\n\t\t\t\t<\/div>\n\t\t\t\t<div class=\"et_pb_pricing_content\">\n\t\t\t\t\t<ul class=\"et_pb_pricing\"><li><span>Menores 100\u20ac<\/span><\/li><li><span>Gu\u00eda Arquitecto por 7 horas<\/span><\/li><li><span>Transporte Limo Van Max 4 Personas<\/span><\/li><li><span>Tickets y cuotas de reservas con acceso preferente para evitar colas<\/span><\/li><li><span>Ofertas especiales para grupos de 6 o m\u00e1s, grupos peque\u00f1os tienen un coste mayor por persona<\/span><\/li><\/ul>\n\t\t\t\t<\/div>\n\t\t\t\t<div class=\"et_pb_button_wrapper\"><a class=\"et_pb_button et_pb_pricing_table_button\" href=\"https:\/\/roma-bella.com\/es\/contacto\/\">Reserva!<\/a><\/div>\n\t\t\t<\/div>\n\t\t\t\t<\/div>\n\t\t\t<\/div>\n\t\t\t<\/div>\n\t\t\t\t\n\t\t\t\t\n\t\t\t\t\n\t\t\t\t\n\t\t\t<\/div>\n\t\t\t\t\n\t\t\t\t\n\t\t\t<\/div><div class=\"et_d4_element et_pb_section et_pb_section_1 et_pb_with_background  et_pb_css_mix_blend_mode et_section_regular et_block_section\" >\n\t\t\t\t\n\t\t\t\t\n\t\t\t\t\n\t\t\t\t\n\t\t\t\t\n\t\t\t\t\n\t\t\t\t<div class=\"et_d4_element et_pb_row et_pb_row_5  et_pb_css_mix_blend_mode et_block_row\">\n\t\t\t\t<div class=\"et_d4_element et_pb_column_4_4 et_pb_column et_pb_column_8  et_pb_css_mix_blend_mode et-last-child et_block_column\">\n\t\t\t\t\n\t\t\t\t\n\t\t\t\t\n\t\t\t\t\n\t\t\t\t<div class=\"et_pb_module et_d4_element et_pb_cta_0 et_pb_promo  et_pb_text_align_center et_pb_bg_layout_dark et_pb_no_bg\">\n\t\t\t\t\n\t\t\t\t\n\t\t\t\t\n\t\t\t\t\n\t\t\t\t<div class=\"et_pb_promo_description\"><h2 class=\"et_pb_module_header\">SELECCIONA ESTE TOUR<\/h2><div><p style=\"text-align: center;\">With me, not only you will learn about important historical sites but also all kinds of juicy bits of gossip about the Roman emperors and the Republic. Combined with my knowledge of the architecture and the history it will become not only fun but \u00a0fascination.<\/p><\/div><\/div>\n\t\t\t\t<div class=\"et_pb_button_wrapper\"><a class=\"et_pb_button et_pb_promo_button\" href=\"https:\/\/roma-bella.com\/es\/contacto\/\">ELEGIR<\/a><\/div>\n\t\t\t<\/div>\n\t\t\t<\/div>\n\t\t\t\t\n\t\t\t\t\n\t\t\t\t\n\t\t\t\t\n\t\t\t<\/div>\n\t\t\t\t\n\t\t\t\t\n\t\t\t<\/div><\/p>\n","protected":false},"excerpt":{"rendered":"","protected":false},"author":1,"featured_media":0,"parent":531,"menu_order":0,"comment_status":"closed","ping_status":"closed","template":"","meta":{"om_disable_all_campaigns":false,"_monsterinsights_skip_tracking":false,"_monsterinsights_sitenote_active":false,"_monsterinsights_sitenote_note":"","_monsterinsights_sitenote_category":0,"_et_pb_use_builder":"on","_et_pb_old_content":"","_et_gb_content_width":"","footnotes":""},"class_list":["post-527","page","type-page","status-publish","hentry"],"aioseo_notices":[],"_links":{"self":[{"href":"https:\/\/roma-bella.com\/es\/wp-json\/wp\/v2\/pages\/527","targetHints":{"allow":["GET"]}}],"collection":[{"href":"https:\/\/roma-bella.com\/es\/wp-json\/wp\/v2\/pages"}],"about":[{"href":"https:\/\/roma-bella.com\/es\/wp-json\/wp\/v2\/types\/page"}],"author":[{"embeddable":true,"href":"https:\/\/roma-bella.com\/es\/wp-json\/wp\/v2\/users\/1"}],"replies":[{"embeddable":true,"href":"https:\/\/roma-bella.com\/es\/wp-json\/wp\/v2\/comments?post=527"}],"version-history":[{"count":10,"href":"https:\/\/roma-bella.com\/es\/wp-json\/wp\/v2\/pages\/527\/revisions"}],"predecessor-version":[{"id":1921,"href":"https:\/\/roma-bella.com\/es\/wp-json\/wp\/v2\/pages\/527\/revisions\/1921"}],"up":[{"embeddable":true,"href":"https:\/\/roma-bella.com\/es\/wp-json\/wp\/v2\/pages\/531"}],"wp:attachment":[{"href":"https:\/\/roma-bella.com\/es\/wp-json\/wp\/v2\/media?parent=527"}],"curies":[{"name":"wp","href":"https:\/\/api.w.org\/{rel}","templated":true}]}}